{"id":10392,"date":"2018-11-16T20:21:07","date_gmt":"2018-11-16T20:21:07","guid":{"rendered":"https:\/\/www.civitart.cat\/?page_id=10392"},"modified":"2020-12-20T12:12:20","modified_gmt":"2020-12-20T12:12:20","slug":"colleccio","status":"publish","type":"page","link":"https:\/\/www.civitart.cat\/es\/coleccion\/","title":{"rendered":"La colecci\u00f3n"},"content":{"rendered":"<p>[vc_row][vc_column][rdy_message text_color=\u00bb#000000&#8243; background_color=\u00bb#fbc817&#8243; close_button_color=\u00bb#000000&#8243;]La web civitart.cat est\u00e1 en construcci\u00f3n[\/rdy_message][\/vc_column][\/vc_row][vc_row el_class=\u00bbmayus\u00bb][vc_column]<section class=\"testimonial-item testimonial-item-slider\"><ul class=\"owl-testimonials owl-carousel owl-hide-arrows owl-hide-dots left testimonials slider-content rsCont\">\n<li class=\"item\"><article>\n\t<p class=\"gi gi-quotes-testimonials-02 gi-quotes\"><\/p>\n\t<div class=\"testimonial-content\">No es el modo ma\u0301s frecuente de hacer una coleccio\u0301n el convertirla en registro de la contemporaneidad, en historia de lo que han sido los vaivenes del arte durante nuestras vidas. comprometerse con el arte u\u0301ltimo hasta el extremo de convivir con e\u0301l, al hacerlo tuyo en una coleccio\u0301n, supone un coraje que no muchos tienen. La coleccio\u0301n de Josep Ma Civit es muestra de esta actitud. La atencio\u0301n que este coleccionista ha prestado a los artistas de las u\u0301ltimas vanguardias no se ha limitado a los grandes nombres del exterior (como Jannis Kounnellis, Dan Flavin o Damien Hirst); su coleccio\u0301n manifiesta tambie\u0301n su fe en los artistas ma\u0301s avanzados y ma\u0301s innovadores de nuestro pai\u0301s: es el modo que quienes aman el arte tienen de contribuir a que este siga siendo la ma\u0301s valiosa expresio\u0301n de los tiempos que nos ha tocado vivir.<\/div>\n\t<div class=\"testimonial-vcard\"><div class=\"meta-inner\"><div class=\"col-table\"><div class=\"author-img \"><\/div><div class=\"\"><p class=\"text-primary\">Rafael Moneo<\/p><span class=\"text-secondary\">Arquitecto<\/span><br \/><\/div><\/div><\/div><\/div>\n<\/article>\n<\/li><\/ul>\n<\/section>[\/vc_column][\/vc_row][vc_row el_class=\u00bbmayus\u00bb][vc_column]<section class=\"testimonial-item testimonial-item-slider\"><ul class=\"owl-testimonials owl-carousel owl-hide-arrows owl-hide-dots left testimonials slider-content rsCont\">\n<li class=\"item\"><article>\n\t<p class=\"gi gi-quotes-testimonials-02 gi-quotes\"><\/p>\n\t<div class=\"testimonial-content\">No es el modo ma\u0301s frecuente de hacer una coleccio\u0301n el convertirla en registro de la contemporaneidad, en historia de lo que han sido los vaivenes del arte durante nuestras vidas. comprometerse con el arte u\u0301ltimo hasta el extremo de convivir con e\u0301l, al hacerlo tuyo en una coleccio\u0301n, supone un coraje que no muchos tienen. La coleccio\u0301n de Josep Ma Civit es muestra de esta actitud. La atencio\u0301n que este coleccionista ha prestado a los artistas de las u\u0301ltimas vanguardias no se ha limitado a los grandes nombres del exterior (como Jannis Kounnellis, Dan Flavin o Damien Hirst); su coleccio\u0301n manifiesta tambie\u0301n su fe en los artistas ma\u0301s avanzados y ma\u0301s innovadores de nuestro pai\u0301s: es el modo que quienes aman el arte tienen de contribuir a que este siga siendo la ma\u0301s valiosa expresio\u0301n de los tiempos que nos ha tocado vivir.<\/div>\n\t<div class=\"testimonial-vcard\"><div class=\"meta-inner\"><div class=\"col-table\"><div class=\"author-img \"><\/div><div class=\"\"><p class=\"text-primary\">Rafael Moneo<\/p><span class=\"text-secondary\">Arquitecto<\/span><br \/><\/div><\/div><\/div><\/div>\n<\/article>\n<\/li><\/ul>\n<\/section>[\/vc_column][\/vc_row][vc_row css=\u00bb.vc_custom_1568476186849{margin-top: 70px !important;margin-bottom: 70px !important;}\u00bb][vc_column width=\u00bb1\/2&#8243;][vc_single_image image=\u00bb11279&#8243;][\/vc_column][vc_column width=\u00bb1\/2&#8243;][vc_column_text]<span class=\"font-weight: 400!important;\">FELICITANDO, Y MUY DE VERAS A JOS\u00c9 MAR\u00cdA CIVIT POR TAN INTERESANTE COLECCI\u00d3N QUE PONE AL DESCUBIERTO SU COMPROMISO CON EL ARTE M\u00c1S AVANZADO, SU CORAJE Y SU TALENTO.<\/span><\/p>\n<p>CON UN FUERTE ABRAZO DE RAFAEL MONEO[\/vc_column_text][\/vc_column][\/vc_row][vc_row css=\u00bb.vc_custom_1568831865408{margin-top: 50px !important;margin-bottom: 50px !important;}\u00bb][vc_column][vc_single_image image=\u00bb11463&#8243; description_text=\u00bbTANIA BRUGUERA. PLUSVALIA\u00bb][\/vc_column][\/vc_row][vc_row equal_height=\u00bbyes\u00bb gap=\u00bb50&#8243; csd_animation=\u00bbtransition.fadeIn\u00bb][vc_column width=\u00bb1\/3&#8243;][vc_column_text]<\/p>\n<h3>\u00abCOMPARTIR UNA MIRADA M\u00c1S ALL\u00c1 DE LA RETINIANA\u00bb<\/h3>\n<p>[\/vc_column_text][vc_empty_space][vc_column_text]La Colecci\u00f3n Civit es una de las grandes colecciones de arte contempor\u00e1neo de Catalu\u00f1a. Construida a lo largo de varias d\u00e9cadas, quiere ser un relato de la contemporaneidad y una aportaci\u00f3n singular al coleccionismo catal\u00e1n. La colecci\u00f3n tiene la voluntad de reflejar la complejidad y la transformaci\u00f3n de la sociedad humana en el per\u00edodo de finales del siglo XX y principios del XXI.<\/p>\n<p>Es tambi\u00e9n una colecci\u00f3n en que los modos de pensar, la libertad de expresi\u00f3n y la internacionalidad son ejes que hacen del discurso un archivo global de los movimientos art\u00edsticos y de los g\u00e9neros que utiliza el arte para expresarse en dicho per\u00edodo.<\/p>\n<p>La intenci\u00f3n de su coleccionista, Josep Maria Civit Gomis (nacido en Montblanc), ha sido forjar ese relato o archivo contempor\u00e1neo desde perspectivas conceptuales, filos\u00f3ficas, literarias y pol\u00edticas que le hicieran reconocer y sentir su \u00e9poca. Civit nos invita a entender diferentes formas de pensar y de dialogar con el presente. El compromiso cultural, la experimentaci\u00f3n con la imagen y la pr\u00e1ctica de una aventura mental son los rasgos distintivos de la colecci\u00f3n. Todo ello en el intento de compartir una mirada m\u00e1s all\u00e1 de la retiniana.[\/vc_column_text][\/vc_column][vc_column width=\u00bb1\/3&#8243;][vc_column_text]<\/p>\n<h3>\u00abMIRAR, VER, PERCIBIR\u00bb<\/h3>\n<p>[\/vc_column_text][vc_empty_space][vc_column_text]En este sentido, la Colecci\u00f3n Civit es una experiencia y una construcci\u00f3n de un imaginario que intenta modestamente cartografiar el arte del presente. Por ello, la colecci\u00f3n es una excusa para realizar un ejercicio de mirar, ver y percibir, y tambi\u00e9n por ello la colecci\u00f3n no tendr\u00eda sentido sin la participaci\u00f3n activa del sujeto que la observa. Libertad de interpretaci\u00f3n para tiempos convulsos y complejos.<\/p>\n<p>La Colecci\u00f3n Civit, iniciada cuando su impulsor contaba con tan solo 16 a\u00f1os, est\u00e1 a punto de celebrar sus 50 a\u00f1os de vida. Est\u00e1 formada por piezas de inter\u00e9s internacional que abarcan muchos de los movimientos y tendencias desde principios de los setenta hasta la actualidad: arte conceptual, arte povera, minimalismo, poes\u00eda visual\u2026 La presencia de artistas catalanes en la colecci\u00f3n es muy notable.<\/p>\n<p>M\u00e1s all\u00e1 de los valores de la colecci\u00f3n, de los artistas (seminales, de media carrera internacional y emergentes), la colecci\u00f3n tiene el inter\u00e9s de presentar un relato de la contemporaneidad que abraza del Holocausto a las derivas actuales, lo cual ha permitido que la colecci\u00f3n haya sido objeto de una tesis sobre tragedia y banalidad y sea un referente en el coleccionismo privado.[\/vc_column_text][\/vc_column][vc_column width=\u00bb1\/3&#8243;][vc_single_image image=\u00bb11503&#8243;][vc_empty_space][vc_column_text]Adem\u00e1s, el coleccionista es muy activo a la hora de realizar seminarios y clases para todo tipo de p\u00fablicos.<\/p>\n<p>Actualmente la Colecci\u00f3n Civit est\u00e1 depositada en el Centre Cultural Terrassa, Barcelona, el Empord\u00e0 y Mallorca. La colecci\u00f3n ha residido muchos a\u00f1os en contenedores de Gil Stauffer. Se abri\u00f3 a visitas p\u00fablicas en 2008 en el Centro de Arte y Naturaleza (CDAN) de Huesca de la mano del arquitecto Rafael Moneo, la directora del centro, Teresa Luesma, y la comisaria Menene Gras Balaguer.<\/p>\n<p>Posteriormente, ha viajado por Europa y ha sido depositada y expuesta en el espacio del coleccionista en la antigua f\u00e1brica Tauler de Palam\u00f3s (2010-2017).[\/vc_column_text][\/vc_column][\/vc_row][vc_row css=\u00bb.vc_custom_1568831960723{margin-top: 50px !important;margin-bottom: 50px !important;}\u00bb][vc_column width=\u00bb1\/2&#8243;][vc_single_image image=\u00bb11443&#8243;][\/vc_column][vc_column width=\u00bb1\/2&#8243;]<section class=\"testimonial-item testimonial-item-slider\"><ul class=\"owl-testimonials owl-carousel owl-hide-arrows owl-hide-dots left dark testimonials slider-content rsCont\">\n<li class=\"item\"><article>\n\t<p class=\"gi gi-quotes-testimonials-02 gi-quotes\"><\/p>\n\t<div class=\"testimonial-content\">SI TUVIERA LA FONTAINE DE DUCHAMP, NO TENDR\u00cdA NINGUNA OTRA OBRA.\r\n\r\nSIGO BUSCANDO \u201cEL URINARIO\u201d DE R. MUTT (1917) EQUIVALENTE DE MI \u00c9POCA.<\/div>\n\t<div class=\"testimonial-vcard\"><div class=\"meta-inner\"><div class=\"col-table\"><div class=\"author-img \"><\/div><div class=\"\"><p class=\"text-primary\">Josep Maria Civit<\/p><br \/><\/div><\/div><\/div><\/div>\n<\/article>\n<\/li><\/ul>\n<\/section>[\/vc_column][\/vc_row][vc_row][vc_column width=\u00bb1\/2&#8243;]<section class=\"testimonial-item testimonial-item-slider\"><ul class=\"owl-testimonials owl-carousel owl-hide-arrows owl-hide-dots left dark testimonials slider-content rsCont\">\n<li class=\"item\"><article>\n\t<p class=\"gi gi-quotes-testimonials-02 gi-quotes\"><\/p>\n\t<div class=\"testimonial-content\">NO ME SIENTO COLECCIONISTA: COMO MUCHO SOY UN ARCHIVERO DE LA CONTEMPORANEIDAD. LA COLECCI\u00d3N TIENE ESA VOLUNTAD: HACER UN ARCHIVO DE MI TIEMPO.<\/div>\n\t<div class=\"testimonial-vcard\"><div class=\"meta-inner\"><div class=\"col-table\"><div class=\"author-img \"><\/div><div class=\"\"><p class=\"text-primary\">Josep Maria Civit<\/p><br \/><\/div><\/div><\/div><\/div>\n<\/article>\n<\/li><\/ul>\n<\/section>[\/vc_column][vc_column width=\u00bb1\/2&#8243;]<section class=\"testimonial-item testimonial-item-slider\"><ul class=\"owl-testimonials owl-carousel owl-hide-arrows owl-hide-dots left dark testimonials slider-content rsCont\">\n<li class=\"item\"><article>\n\t<p class=\"gi gi-quotes-testimonials-02 gi-quotes\"><\/p>\n\t<div class=\"testimonial-content\">NO COLECCIONO OBRAS, SINO FORMAS DE PENSAR.<\/div>\n\t<div class=\"testimonial-vcard\"><div class=\"meta-inner\"><div class=\"col-table\"><div class=\"author-img \"><\/div><div class=\"\"><p class=\"text-primary\">Anton Herbert<\/p><span class=\"text-secondary\">Coleccionista<\/span><br \/><\/div><\/div><\/div><\/div>\n<\/article>\n<\/li><\/ul>\n<\/section>[\/vc_column][\/vc_row]<\/p>","protected":false},"excerpt":{"rendered":"<p>[vc_row][vc_column][rdy_message text_color=\u00bb#000000&#8243; background_color=\u00bb#fbc817&#8243; close_button_color=\u00bb#000000&#8243;]La web civitart.cat est\u00e1 en construcci\u00f3n[\/rdy_message][\/vc_column][\/vc_row][vc_row el_class=\u00bbmayus\u00bb][vc_column][\/vc_column][\/vc_row][vc_row el_class=\u00bbmayus\u00bb][vc_column][\/vc_column][\/vc_row][vc_row css=\u00bb.vc_custom_1568476186849{margin-top: 70px !important;margin-bottom: 70px !important;}\u00bb][vc_column width=\u00bb1\/2&#8243;][vc_single_image image=\u00bb11279&#8243;][\/vc_column][vc_column width=\u00bb1\/2&#8243;][vc_column_text]FELICITANDO, Y MUY DE VERAS A JOS\u00c9 MAR\u00cdA CIVIT POR TAN INTERESANTE [&hellip;]<\/p>\n","protected":false},"author":1,"featured_media":0,"parent":0,"menu_order":0,"comment_status":"closed","ping_status":"closed","template":"","meta":[],"yoast_head":"<!-- This site is optimized with the Yoast SEO plugin v15.5 - https:\/\/yoast.com\/wordpress\/plugins\/seo\/ -->\n<title>La colecci\u00f3n - civitart.cat<\/title>\n<meta name=\"robots\" content=\"index, follow, max-snippet:-1, max-image-preview:large, max-video-preview:-1\" \/>\n<link rel=\"canonical\" href=\"https:\/\/www.civitart.cat\/es\/coleccion\/\" \/>\n<meta property=\"og:locale\" content=\"es_ES\" \/>\n<meta property=\"og:type\" content=\"article\" \/>\n<meta property=\"og:title\" content=\"La colecci\u00f3n - civitart.cat\" \/>\n<meta property=\"og:description\" content=\"[vc_row][vc_column][rdy_message text_color=\u00bb#000000&#8243; background_color=\u00bb#fbc817&#8243; close_button_color=\u00bb#000000&#8243;]La web civitart.cat est\u00e1 en construcci\u00f3n[\/rdy_message][\/vc_column][\/vc_row][vc_row el_class=\u00bbmayus\u00bb][vc_column][\/vc_column][\/vc_row][vc_row el_class=\u00bbmayus\u00bb][vc_column][\/vc_column][\/vc_row][vc_row css=\u00bb.vc_custom_1568476186849{margin-top: 70px !important;margin-bottom: 70px !important;}\u00bb][vc_column width=\u00bb1\/2&#8243;][vc_single_image image=\u00bb11279&#8243;][\/vc_column][vc_column width=\u00bb1\/2&#8243;][vc_column_text]FELICITANDO, Y MUY DE VERAS A JOS\u00c9 MAR\u00cdA CIVIT POR TAN INTERESANTE [&hellip;]\" \/>\n<meta property=\"og:url\" content=\"https:\/\/www.civitart.cat\/es\/coleccion\/\" \/>\n<meta property=\"og:site_name\" content=\"civitart.cat\" \/>\n<meta property=\"article:modified_time\" content=\"2020-12-20T12:12:20+00:00\" \/>\n<meta name=\"twitter:card\" content=\"summary_large_image\" \/>\n<meta name=\"twitter:label1\" content=\"Tiempo de lectura\">\n\t<meta name=\"twitter:data1\" content=\"14 minutos\">\n<script type=\"application\/ld+json\" class=\"yoast-schema-graph\">{\"@context\":\"https:\/\/schema.org\",\"@graph\":[{\"@type\":\"Organization\",\"@id\":\"https:\/\/www.civitart.cat\/#organization\",\"name\":\"CivitArt\",\"url\":\"https:\/\/www.civitart.cat\/\",\"sameAs\":[],\"logo\":{\"@type\":\"ImageObject\",\"@id\":\"https:\/\/www.civitart.cat\/#logo\",\"inLanguage\":\"es\",\"url\":\"https:\/\/www.civitart.cat\/wp-content\/uploads\/2019\/09\/civit.png\",\"width\":512,\"height\":512,\"caption\":\"CivitArt\"},\"image\":{\"@id\":\"https:\/\/www.civitart.cat\/#logo\"}},{\"@type\":\"WebSite\",\"@id\":\"https:\/\/www.civitart.cat\/#website\",\"url\":\"https:\/\/www.civitart.cat\/\",\"name\":\"civitart.cat\",\"description\":\"Col\\u00b7lecci\\u00f3 Civit Art Contemporani\",\"publisher\":{\"@id\":\"https:\/\/www.civitart.cat\/#organization\"},\"potentialAction\":[{\"@type\":\"SearchAction\",\"target\":\"https:\/\/www.civitart.cat\/?s={search_term_string}\",\"query-input\":\"required name=search_term_string\"}],\"inLanguage\":\"es\"},{\"@type\":\"WebPage\",\"@id\":\"https:\/\/www.civitart.cat\/es\/coleccion\/#webpage\",\"url\":\"https:\/\/www.civitart.cat\/es\/coleccion\/\",\"name\":\"La colecci\\u00f3n - civitart.cat\",\"isPartOf\":{\"@id\":\"https:\/\/www.civitart.cat\/#website\"},\"datePublished\":\"2018-11-16T20:21:07+00:00\",\"dateModified\":\"2020-12-20T12:12:20+00:00\",\"inLanguage\":\"es\",\"potentialAction\":[{\"@type\":\"ReadAction\",\"target\":[\"https:\/\/www.civitart.cat\/es\/coleccion\/\"]}]}]}<\/script>\n<!-- \/ Yoast SEO plugin. -->","_links":{"self":[{"href":"https:\/\/www.civitart.cat\/es\/wp-json\/wp\/v2\/pages\/10392"}],"collection":[{"href":"https:\/\/www.civitart.cat\/es\/wp-json\/wp\/v2\/pages"}],"about":[{"href":"https:\/\/www.civitart.cat\/es\/wp-json\/wp\/v2\/types\/page"}],"author":[{"embeddable":true,"href":"https:\/\/www.civitart.cat\/es\/wp-json\/wp\/v2\/users\/1"}],"replies":[{"embeddable":true,"href":"https:\/\/www.civitart.cat\/es\/wp-json\/wp\/v2\/comments?post=10392"}],"version-history":[{"count":61,"href":"https:\/\/www.civitart.cat\/es\/wp-json\/wp\/v2\/pages\/10392\/revisions"}],"predecessor-version":[{"id":11702,"href":"https:\/\/www.civitart.cat\/es\/wp-json\/wp\/v2\/pages\/10392\/revisions\/11702"}],"wp:attachment":[{"href":"https:\/\/www.civitart.cat\/es\/wp-json\/wp\/v2\/media?parent=10392"}],"curies":[{"name":"wp","href":"https:\/\/api.w.org\/{rel}","templated":true}]}}