{"id":11654,"date":"2020-02-08T18:45:54","date_gmt":"2020-02-08T18:45:54","guid":{"rendered":"https:\/\/www.civitart.cat\/?page_id=11654"},"modified":"2020-03-27T18:48:01","modified_gmt":"2020-03-27T18:48:01","slug":"xano-armenter-3","status":"publish","type":"page","link":"https:\/\/www.civitart.cat\/es\/exposiciones\/xano-armenter\/xano-armenter-4\/","title":{"rendered":"Xano Armenter"},"content":{"rendered":"<p>[vc_row][vc_column][vc_single_image image=\u00bb11658&#8243;][\/vc_column][\/vc_row][vc_row][vc_column width=\u00bb1\/2&#8243;][rdy_button text=\u00bbVer las obras\u00bb align=\u00bbleft\u00bb margin_top=\u00bb0&#8243; margin_bottom=\u00bb0&#8243; background=\u00bb#000000&#8243; background_hover=\u00bb#fbc817&#8243; text_color_hover=\u00bb#000000&#8243; border_radius=\u00bb0&#8243; link=\u00bburl:https%3A%2F%2Fwww.civitart.cat%2Fexposicions%2Fxano-armenter%2Fxano-armenter%2F|||\u00bb][\/vc_column][vc_column width=\u00bb1\/2&#8243;][\/vc_column][\/vc_row][vc_row][vc_column][vc_column_text]<\/p>\n<div class=\"column\">\n<div class=\"page\" title=\"Page 1\">\n<div class=\"layoutArea\">\n<div class=\"column\">\n<p>Nacido en las Islas Canarias de padres catalanes (Balaguer), estudia arte y dise\u00f1o en Barcelona (Escola Eina 1973-80) y Nueva York (School of Visual Arts 1981 y New York Academy 1982).<\/p>\n<p>Se instala en Manhattan en plena aparici\u00f3n del hip hop, el boom del graffiti, y el retorno del inter\u00e9s por la pintura al East Village neoyorquino de los ochenta.<\/p>\n<p>Tiene obra en colecciones privadas y p\u00fablicas en Espa\u00f1a, Estados Unidos, Francia, Gran Breta\u00f1a y Jap\u00f3n.<\/p>\n<p>Vive y trabaja en Barcelona.<\/p>\n<p>EXPOSICIONES INDIVIDUALES<\/p>\n<p>2.020 American Paintings. NY + LA. Centre Cultural Terrassa<\/p>\n<p>2019 Veure sota les parets. Castillo de Benedormiens. Castell d&#8217;Aro (Girona).<\/p>\n<p>2,017 Barcelona, \u200b\u200bGaleria \u00c0mbit.<\/p>\n<p>2,014 Obra reciente y Pinturas digitales. Barcelona, \u200b\u200bGaleria \u00c0mbit.<\/p>\n<p>2.011 Blanco y negro. Barcelona, \u200b\u200bGaleria \u00c0mbit.<\/p>\n<p>2.008 Barcelona, \u200b\u200bGaleria \u00c0mbit.<br \/>\nEl latido de la tierra. Convento de San Salvador. Horta de Sant Joan.<\/p>\n<p>2005, Barcelona, Galeria \u00c0mbit.<\/p>\n<p>2.003 Retrovisor 93-03, Barcelona, \u200b\u200bGaleria \u00c0mbit.<\/p>\n<p>2002 Para\u00edsos perdidos, Barcelona, \u200b\u200bSala Par\u00e9s.<\/p>\n<p>2001 Compact Art, Barcelona, \u200b\u200bRose S\u00e9lavy. New Art, Barcelona.<\/p>\n<p>1998 Barcelona, \u200b\u200bGaler\u00eda Trama. Madrid, C\u00edrculo de Bellas Artes.<\/p>\n<p>Madrid, ARCO, Galer\u00eda Trama.<\/p>\n<p>1997 Los \u00c1ngeles, 1551 Gallery.<br \/>\nNew Art, Barcelona, \u200b\u200bGaler\u00eda Trama.<\/p>\n<p>1996 Barcelona Galer\u00eda Trama.<\/p>\n<p>1.995 Barcelona Galer\u00eda Trama.<\/p>\n<p>1994 Madrid, ARCO, Galer\u00eda Trama. Filtros, Barcelona, \u200b\u200bGaler\u00eda Trama.<\/p>\n<p>1993 Miami, Commenoz Gallery.<\/p>\n<p>1992 Barcelona, \u200b\u200bSala Par\u00e9s.<\/p>\n<p>1991 Olot, Francisco Cullel. Barcelona, \u200b\u200bSala Vin\u00e7on.<\/p>\n<p>Tokio, Nagashira Gallery.<\/p>\n<p>1,990 x mutuo ACUERDO, Barcelona, \u200b\u200bSala Par\u00e9s.<\/p>\n<p>1.989 Palma Mallorca, Galer\u00eda Bisart.<\/p>\n<p>1.988 Lille, Francia, El Hipodrome.<\/p>\n<p>1.987 Barcelona, \u200b\u200bGaler\u00eda Rene Metras.<\/p>\n<p>1,986 New York, Limbo Gallery. Barcelona, \u200b\u200bSala Vin\u00e7on.<\/p>\n<p>TRABAJOS P\u00daBLICOS Y DE DISE\u00d1O<\/p>\n<p>2019 Ilustraciones para la revista La Maleta de Port Bou.<\/p>\n<p>2.018 Concierto de Scriabin con Albert Guinovart al piano y X. A. al iPad pintando en directo sobre el gran escenario.<\/p>\n<p>2.017 Pinturas para el Hotel Seminario de la Seu d&#8217;Urgell.<\/p>\n<p>2015 Colaboraciones con Cercle Sant Lluc como profesor.<\/p>\n<p>2012 Publica para el Apple Store un libro digital de c\u00f3mo dibujar en un iPad.<\/p>\n<p>2.009 Portadas para la colecci\u00f3n GLOBAL RHYTHM PRESS.<\/p>\n<p>2.008 Pinturas para el hotel Santuari Del Sant Crist de Balaguer.<\/p>\n<p>2006 Dibujos y pinturas para el libro de \u00abAlvaro Palacios: El Bierzo\u00bb e ilustraci\u00f3n para el vino Petalos.<\/p>\n<p>2005 Dise\u00f1a LIMBO una alfombra por Nani Marquina.<\/p>\n<p>2000 Profesor de pintura en las escuelas Eina y Massana de Barcelona.<\/p>\n<p>1999 7 Murales al fresco para el Hotel Juan Carlos I. Barcelona.<\/p>\n<p>1998 Mural de vidrio grabado al \u00e1cido \u00abAIRE DE BARCELONA\u00bb para el vest\u00edbulo del FNAC (El Tri\u00e1ngulo).<\/p>\n<p>1994 Funda el Salamander Lounge, un club de jazz en Los Angeles. 1992 Colecci\u00f3n de sellos ol\u00edmpicos por Barcelona 92.Crea la revista meconio.<\/p>\n<p>1,990 Curador y director de la Muestra Milton Glaser en Barcelona para Caja de Catalu\u00f1a.<\/p>\n<p>1.979 Dise\u00f1os e ilustraciones para Taula de Disseny (hasta la actualidad)<\/p>\n<\/div>\n<\/div>\n<\/div>\n<\/div>\n<p>[\/vc_column_text][\/vc_column][\/vc_row][vc_row][vc_column width=\u00bb1\/2&#8243;][rdy_button text=\u00bbVer las obras\u00bb align=\u00bbleft\u00bb margin_top=\u00bb0&#8243; margin_bottom=\u00bb0&#8243; background=\u00bb#000000&#8243; background_hover=\u00bb#fbc817&#8243; text_color_hover=\u00bb#000000&#8243; border_radius=\u00bb0&#8243; link=\u00bburl:https%3A%2F%2Fwww.civitart.cat%2Fexposicions%2Fxano-armenter%2Fxano-armenter%2F|||\u00bb][\/vc_column][vc_column width=\u00bb1\/2&#8243;][\/vc_column][\/vc_row]<\/p>","protected":false},"excerpt":{"rendered":"<p>[vc_row][vc_column][vc_single_image image=\u00bb11658&#8243;][\/vc_column][\/vc_row][vc_row][vc_column width=\u00bb1\/2&#8243;][rdy_button text=\u00bbVer las obras\u00bb align=\u00bbleft\u00bb margin_top=\u00bb0&#8243; margin_bottom=\u00bb0&#8243; background=\u00bb#000000&#8243; background_hover=\u00bb#fbc817&#8243; text_color_hover=\u00bb#000000&#8243; border_radius=\u00bb0&#8243; link=\u00bburl:https%3A%2F%2Fwww.civitart.cat%2Fexposicions%2Fxano-armenter%2Fxano-armenter%2F|||\u00bb][\/vc_column][vc_column width=\u00bb1\/2&#8243;][\/vc_column][\/vc_row][vc_row][vc_column][vc_column_text] Nacido en las Islas Canarias de padres catalanes (Balaguer), estudia arte y dise\u00f1o en Barcelona [&hellip;]<\/p>\n","protected":false},"author":1,"featured_media":0,"parent":11562,"menu_order":0,"comment_status":"closed","ping_status":"closed","template":"","meta":[],"yoast_head":"<!-- This site is optimized with the Yoast SEO plugin v15.5 - https:\/\/yoast.com\/wordpress\/plugins\/seo\/ -->\n<title>Xano Armenter - civitart.cat<\/title>\n<meta name=\"robots\" content=\"index, follow, max-snippet:-1, max-image-preview:large, max-video-preview:-1\" \/>\n<link rel=\"canonical\" href=\"https:\/\/www.civitart.cat\/exposicions\/xano-armenter\/xano-armenter-4\/\" \/>\n<meta property=\"og:locale\" content=\"es_ES\" \/>\n<meta property=\"og:type\" content=\"article\" \/>\n<meta property=\"og:title\" content=\"Xano Armenter - civitart.cat\" \/>\n<meta property=\"og:description\" content=\"[vc_row][vc_column][vc_single_image image=\u00bb11658&#8243;][\/vc_column][\/vc_row][vc_row][vc_column width=\u00bb1\/2&#8243;][rdy_button text=\u00bbVer las obras\u00bb align=\u00bbleft\u00bb margin_top=\u00bb0&#8243; margin_bottom=\u00bb0&#8243; background=\u00bb#000000&#8243; background_hover=\u00bb#fbc817&#8243; text_color_hover=\u00bb#000000&#8243; border_radius=\u00bb0&#8243; link=\u00bburl:https%3A%2F%2Fwww.civitart.cat%2Fexposicions%2Fxano-armenter%2Fxano-armenter%2F|||\u00bb][\/vc_column][vc_column width=\u00bb1\/2&#8243;][\/vc_column][\/vc_row][vc_row][vc_column][vc_column_text] Nacido en las Islas Canarias de padres catalanes (Balaguer), estudia arte y dise\u00f1o en Barcelona [&hellip;]\" \/>\n<meta property=\"og:url\" content=\"https:\/\/www.civitart.cat\/exposicions\/xano-armenter\/xano-armenter-4\/\" \/>\n<meta property=\"og:site_name\" content=\"civitart.cat\" \/>\n<meta property=\"article:modified_time\" content=\"2020-03-27T18:48:01+00:00\" \/>\n<meta name=\"twitter:card\" content=\"summary_large_image\" \/>\n<meta name=\"twitter:label1\" content=\"Tiempo de lectura\">\n\t<meta name=\"twitter:data1\" content=\"7 minutos\">\n<script type=\"application\/ld+json\" class=\"yoast-schema-graph\">{\"@context\":\"https:\/\/schema.org\",\"@graph\":[{\"@type\":\"Organization\",\"@id\":\"https:\/\/www.civitart.cat\/#organization\",\"name\":\"CivitArt\",\"url\":\"https:\/\/www.civitart.cat\/\",\"sameAs\":[],\"logo\":{\"@type\":\"ImageObject\",\"@id\":\"https:\/\/www.civitart.cat\/#logo\",\"inLanguage\":\"es\",\"url\":\"https:\/\/www.civitart.cat\/wp-content\/uploads\/2019\/09\/civit.png\",\"width\":512,\"height\":512,\"caption\":\"CivitArt\"},\"image\":{\"@id\":\"https:\/\/www.civitart.cat\/#logo\"}},{\"@type\":\"WebSite\",\"@id\":\"https:\/\/www.civitart.cat\/#website\",\"url\":\"https:\/\/www.civitart.cat\/\",\"name\":\"civitart.cat\",\"description\":\"Col\\u00b7lecci\\u00f3 Civit Art Contemporani\",\"publisher\":{\"@id\":\"https:\/\/www.civitart.cat\/#organization\"},\"potentialAction\":[{\"@type\":\"SearchAction\",\"target\":\"https:\/\/www.civitart.cat\/?s={search_term_string}\",\"query-input\":\"required name=search_term_string\"}],\"inLanguage\":\"es\"},{\"@type\":\"WebPage\",\"@id\":\"https:\/\/www.civitart.cat\/exposicions\/xano-armenter\/xano-armenter-4\/#webpage\",\"url\":\"https:\/\/www.civitart.cat\/exposicions\/xano-armenter\/xano-armenter-4\/\",\"name\":\"Xano Armenter - civitart.cat\",\"isPartOf\":{\"@id\":\"https:\/\/www.civitart.cat\/#website\"},\"datePublished\":\"2020-02-08T18:45:54+00:00\",\"dateModified\":\"2020-03-27T18:48:01+00:00\",\"inLanguage\":\"es\",\"potentialAction\":[{\"@type\":\"ReadAction\",\"target\":[\"https:\/\/www.civitart.cat\/exposicions\/xano-armenter\/xano-armenter-4\/\"]}]}]}<\/script>\n<!-- \/ Yoast SEO plugin. -->","_links":{"self":[{"href":"https:\/\/www.civitart.cat\/es\/wp-json\/wp\/v2\/pages\/11654"}],"collection":[{"href":"https:\/\/www.civitart.cat\/es\/wp-json\/wp\/v2\/pages"}],"about":[{"href":"https:\/\/www.civitart.cat\/es\/wp-json\/wp\/v2\/types\/page"}],"author":[{"embeddable":true,"href":"https:\/\/www.civitart.cat\/es\/wp-json\/wp\/v2\/users\/1"}],"replies":[{"embeddable":true,"href":"https:\/\/www.civitart.cat\/es\/wp-json\/wp\/v2\/comments?post=11654"}],"version-history":[{"count":7,"href":"https:\/\/www.civitart.cat\/es\/wp-json\/wp\/v2\/pages\/11654\/revisions"}],"predecessor-version":[{"id":11678,"href":"https:\/\/www.civitart.cat\/es\/wp-json\/wp\/v2\/pages\/11654\/revisions\/11678"}],"up":[{"embeddable":true,"href":"https:\/\/www.civitart.cat\/es\/wp-json\/wp\/v2\/pages\/11562"}],"wp:attachment":[{"href":"https:\/\/www.civitart.cat\/es\/wp-json\/wp\/v2\/media?parent=11654"}],"curies":[{"name":"wp","href":"https:\/\/api.w.org\/{rel}","templated":true}]}}