{"id":11743,"date":"2021-01-11T10:52:18","date_gmt":"2021-01-11T10:52:18","guid":{"rendered":"https:\/\/www.civitart.cat\/?page_id=11743"},"modified":"2021-01-11T12:01:35","modified_gmt":"2021-01-11T12:01:35","slug":"cdan","status":"publish","type":"page","link":"https:\/\/www.civitart.cat\/es\/exposiciones\/cdan\/","title":{"rendered":"CDAN"},"content":{"rendered":"<p>[vc_row][vc_column][vc_column_text]<\/p>\n<h3>REPRESENTACIONES DE LA TRAGEDIA Y LA BANALIDAD CONTEMPOR\u00c1NEAS<\/h3>\n<p>[\/vc_column_text][\/vc_column][\/vc_row][vc_row][vc_column width=\u00bb1\/2&#8243;][rdy_button text=\u00bbLee el texto de Eva Almunia (PDF)\u00bb align=\u00bbleft\u00bb margin_top=\u00bb0&#8243; margin_bottom=\u00bb0&#8243; background=\u00bb#000000&#8243; background_hover=\u00bb#fbc817&#8243; text_color_hover=\u00bb#000000&#8243; border_radius=\u00bb0&#8243; link=\u00bburl:https%3A%2F%2Fwww.civitart.cat%2Fwp-content%2Fuploads%2F2021%2F01%2FTextos_Eva-Almunia.pdf||target:%20_blank|\u00bb][rdy_button text=\u00bbLee el texto de Menene Gras (PDF)\u00bb align=\u00bbleft\u00bb margin_top=\u00bb0&#8243; margin_bottom=\u00bb0&#8243; background=\u00bb#000000&#8243; background_hover=\u00bb#fbc817&#8243; text_color_hover=\u00bb#000000&#8243; border_radius=\u00bb0&#8243; link=\u00bburl:https%3A%2F%2Fwww.civitart.cat%2Fwp-content%2Fuploads%2F2019%2F09%2FTextos_Menene-Gras.pdf||target:%20_blank|\u00bb][rdy_button text=\u00bbLee el texto de Anna Maria Guasch (PDF)\u00bb align=\u00bbleft\u00bb margin_top=\u00bb0&#8243; margin_bottom=\u00bb0&#8243; background=\u00bb#000000&#8243; background_hover=\u00bb#fbc817&#8243; text_color_hover=\u00bb#000000&#8243; border_radius=\u00bb0&#8243; link=\u00bburl:https%3A%2F%2Fwww.civitart.cat%2Fwp-content%2Fuploads%2F2019%2F09%2FTextos_Anna-Maria-Guasch.pdf||target:%20_blank|\u00bb][rdy_button text=\u00bbVer m\u00e1s obras\u00bb align=\u00bbleft\u00bb margin_top=\u00bb0&#8243; margin_bottom=\u00bb0&#8243; background=\u00bb#000000&#8243; background_hover=\u00bb#fbc817&#8243; text_color_hover=\u00bb#000000&#8243; border_radius=\u00bb0&#8243; link=\u00bburl:https%3A%2F%2Fwww.civitart.cat%2Fes%2Fexposiciones%2Fcdan-2%2F|title:CDAN||\u00bb][\/vc_column][vc_column width=\u00bb1\/4&#8243;][\/vc_column][vc_column width=\u00bb1\/4&#8243;][\/vc_column][\/vc_row][vc_row][vc_column width=\u00bb1\/2&#8243;][vc_single_image image=\u00bb11745&#8243; description_text=\u00bbJAVIER P\u00c9REZ. HUMANO. 1998&#8243;][\/vc_column][vc_column width=\u00bb1\/2&#8243;][vc_single_image image=\u00bb11746&#8243; description_text=\u00bbJEFF KOONS. INFLATABLE BALLOON FLOWER (YELLOW). 1997&#8243;][\/vc_column][\/vc_row][vc_row][vc_column width=\u00bb1\/2&#8243;][vc_single_image image=\u00bb11747&#8243; description_text=\u00bbDAMIEN HIRST. THE LAST SUPPER. 1999&#8243;][\/vc_column][vc_column width=\u00bb1\/2&#8243;][vc_single_image image=\u00bb11748&#8243; description_text=\u00bbEUGENIO AMPUDIA. LA VERDAD ES UNA EXCUSA. 2007&#8243;][\/vc_column][\/vc_row][vc_row][vc_column width=\u00bb1\/2&#8243;][vc_single_image image=\u00bb11749&#8243; description_text=\u00bbROBERT MOTHERWELL. SAMURAI. 1971&#8243;][\/vc_column][vc_column width=\u00bb1\/2&#8243;][vc_single_image image=\u00bb11750&#8243; description_text=\u00bbJANNIS KOUNELLIS. SIN T\u00cdTULO. 2002&#8243;][\/vc_column][\/vc_row][vc_row][vc_column width=\u00bb1\/2&#8243;][vc_single_image image=\u00bb11751&#8243; description_text=\u00bb\u00c1NGELA DE LA CRUZ. DISLOCATED PAINTING III (ORANGE). 2001&#8243;][\/vc_column][vc_column width=\u00bb1\/2&#8243;][vc_single_image image=\u00bb11752&#8243; description_text=\u00bbIMI KNOEBEL. FACE 14. 2003&#8243;][\/vc_column][\/vc_row][vc_row][vc_column width=\u00bb1\/2&#8243;][vc_single_image image=\u00bb11753&#8243; description_text=\u00bbANN VERONICA JANSSENS. LIGHT, YELLOW, GREEN. 2005&#8243;][\/vc_column][vc_column width=\u00bb1\/2&#8243;][vc_single_image image=\u00bb11754&#8243; description_text=\u00bbDAN FLAVIN. TO CHARLOTTE. 1987&#8243;][\/vc_column][\/vc_row][vc_row][vc_column width=\u00bb1\/2&#8243;][vc_single_image image=\u00bb11755&#8243; description_text=\u00bbJOAO ONOFRE. SOMETHING WILL COME OUT OF THIS. 2007&#8243;][\/vc_column][vc_column width=\u00bb1\/2&#8243;][vc_single_image image=\u00bb11756&#8243; description_text=\u00bbBERNARD\u00cd ROIG. SMOKEHEAD.2007&#8243;][\/vc_column][\/vc_row][vc_row][vc_column width=\u00bb1\/2&#8243;][vc_single_image image=\u00bb11757&#8243; description_text=\u00bbJOS\u00c9 MAR\u00cdA SICILIA. SIN T\u00cdTULO. 2000&#8243;][\/vc_column][vc_column width=\u00bb1\/2&#8243;][vc_single_image image=\u00bb11758&#8243; description_text=\u00bbMIQUEL MONT. SIN T\u00cdTULO. 2000&#8243;][\/vc_column][\/vc_row][vc_row][vc_column width=\u00bb1\/2&#8243;][vc_single_image image=\u00bb11759&#8243; description_text=\u00bbMIQUEL MONT. PEAU XVI. 2000&#8243;][\/vc_column][vc_column width=\u00bb1\/2&#8243;][vc_single_image image=\u00bb11760&#8243; description_text=\u00bbMITSUO MIURA. BURBUJA VIOLETA, NARANJA, AMARILLA, AZUL. 1991&#8243;][\/vc_column][\/vc_row][vc_row][vc_column width=\u00bb1\/2&#8243;][vc_single_image image=\u00bb11761&#8243; description_text=\u00bbPETER W\u00dcTHRICH. LITERARY PORTRAIT\u00bb][\/vc_column][vc_column width=\u00bb1\/2&#8243;][vc_single_image image=\u00bb11762&#8243; description_text=\u00bbADRIAN SCHIESS. PRINTEMPS. 2000&#8243;][\/vc_column][\/vc_row][vc_row][vc_column width=\u00bb1\/2&#8243;][vc_single_image image=\u00bb11763&#8243; description_text=\u00bbMARION THIEME. S. T. (CRISTAL AZUL). 1989&#8243;][\/vc_column][vc_column width=\u00bb1\/2&#8243;][vc_single_image image=\u00bb11764&#8243; description_text=\u00bbDANIEL G\u00d6TTIN. BLACK CARPET. 2003&#8243;][\/vc_column][\/vc_row][vc_row][vc_column width=\u00bb1\/2&#8243;][vc_single_image image=\u00bb11765&#8243; description_text=\u00bbDANIEL G\u00d6TTIN. RED CARPET. 2003&#8243;][\/vc_column][vc_column width=\u00bb1\/2&#8243;][vc_single_image image=\u00bb11766&#8243; description_text=\u00bbSILVIA B\u00c4CHLI. LINIEN 5. 2002&#8243;][\/vc_column][\/vc_row][vc_row][vc_column width=\u00bb1\/2&#8243;][vc_single_image image=\u00bb11767&#8243; description_text=\u00bbSEAN SCULLY. 3.17.02. 2002&#8243;][\/vc_column][vc_column width=\u00bb1\/2&#8243;][vc_single_image image=\u00bb11768&#8243; description_text=\u00bbJAUME PLENSA. RICE. 1995&#8243;][\/vc_column][\/vc_row][vc_row][vc_column width=\u00bb1\/2&#8243;][vc_single_image image=\u00bb11769&#8243; description_text=\u00bbJAUME PLENSA. POETRY. 1995&#8243;][\/vc_column][vc_column width=\u00bb1\/2&#8243;][vc_single_image image=\u00bb11770&#8243; description_text=\u00bbMARK LUYTEN. LE LABYRINTHE ET LE MIROIR. 1989&#8243;][\/vc_column][\/vc_row][vc_row][vc_column width=\u00bb1\/2&#8243;][vc_single_image image=\u00bb11771&#8243; description_text=\u00bbDAVID AUSTEN. HUCH&#8230; FRIEND. 1989&#8243;][\/vc_column][vc_column width=\u00bb1\/2&#8243;][vc_single_image image=\u00bb11772&#8243; description_text=\u00bbJOAN BROSSA. EL PA\u00cdS. 1988&#8243;][\/vc_column][\/vc_row][vc_row][vc_column width=\u00bb1\/2&#8243;][vc_single_image image=\u00bb11773&#8243; description_text=\u00bbJOAN BROSSA. LECTURA. 1989&#8243;][\/vc_column][vc_column width=\u00bb1\/2&#8243;][vc_single_image image=\u00bb11774&#8243; description_text=\u00bbSCOTT RICHTER. ABGESHIEDENHEIT. 1991&#8243;][\/vc_column][\/vc_row][vc_row][vc_column width=\u00bb1\/2&#8243;][rdy_button text=\u00bbLee el texto de Eva Almunia (PDF)\u00bb align=\u00bbleft\u00bb margin_top=\u00bb0&#8243; margin_bottom=\u00bb0&#8243; background=\u00bb#000000&#8243; background_hover=\u00bb#fbc817&#8243; text_color_hover=\u00bb#000000&#8243; border_radius=\u00bb0&#8243; link=\u00bburl:https%3A%2F%2Fwww.civitart.cat%2Fwp-content%2Fuploads%2F2021%2F01%2FTextos_Eva-Almunia.pdf||target:%20_blank|\u00bb][rdy_button text=\u00bbLee el texto de Menene Gras (PDF)\u00bb align=\u00bbleft\u00bb margin_top=\u00bb0&#8243; margin_bottom=\u00bb0&#8243; background=\u00bb#000000&#8243; background_hover=\u00bb#fbc817&#8243; text_color_hover=\u00bb#000000&#8243; border_radius=\u00bb0&#8243; link=\u00bburl:https%3A%2F%2Fwww.civitart.cat%2Fwp-content%2Fuploads%2F2019%2F09%2FTextos_Menene-Gras.pdf||target:%20_blank|\u00bb][rdy_button text=\u00bbLee el texto de Anna Maria Guasch (PDF)\u00bb align=\u00bbleft\u00bb margin_top=\u00bb0&#8243; margin_bottom=\u00bb0&#8243; background=\u00bb#000000&#8243; background_hover=\u00bb#fbc817&#8243; text_color_hover=\u00bb#000000&#8243; border_radius=\u00bb0&#8243; link=\u00bburl:https%3A%2F%2Fwww.civitart.cat%2Fwp-content%2Fuploads%2F2019%2F09%2FTextos_Anna-Maria-Guasch.pdf||target:%20_blank|\u00bb][rdy_button text=\u00bbVer m\u00e1s obras\u00bb align=\u00bbleft\u00bb margin_top=\u00bb0&#8243; margin_bottom=\u00bb0&#8243; background=\u00bb#000000&#8243; background_hover=\u00bb#fbc817&#8243; text_color_hover=\u00bb#000000&#8243; border_radius=\u00bb0&#8243; link=\u00bburl:https%3A%2F%2Fwww.civitart.cat%2Fes%2Fexposiciones%2Fcdan-2%2F|title:CDAN||\u00bb][\/vc_column][vc_column width=\u00bb1\/4&#8243;][\/vc_column][vc_column width=\u00bb1\/4&#8243;][\/vc_column][\/vc_row]<\/p>","protected":false},"excerpt":{"rendered":"<p>[vc_row][vc_column][vc_column_text] REPRESENTACIONES DE LA TRAGEDIA Y LA BANALIDAD CONTEMPOR\u00c1NEAS [\/vc_column_text][\/vc_column][\/vc_row][vc_row][vc_column width=\u00bb1\/2&#8243;][rdy_button text=\u00bbLee el texto de Eva Almunia (PDF)\u00bb align=\u00bbleft\u00bb margin_top=\u00bb0&#8243; margin_bottom=\u00bb0&#8243; background=\u00bb#000000&#8243; background_hover=\u00bb#fbc817&#8243; text_color_hover=\u00bb#000000&#8243; border_radius=\u00bb0&#8243; link=\u00bburl:https%3A%2F%2Fwww.civitart.cat%2Fwp-content%2Fuploads%2F2021%2F01%2FTextos_Eva-Almunia.pdf||target:%20_blank|\u00bb][rdy_button text=\u00bbLee el texto de [&hellip;]<\/p>\n","protected":false},"author":1,"featured_media":0,"parent":10396,"menu_order":0,"comment_status":"closed","ping_status":"closed","template":"","meta":[],"yoast_head":"<!-- This site is optimized with the Yoast SEO plugin v15.5 - https:\/\/yoast.com\/wordpress\/plugins\/seo\/ -->\n<title>CDAN - civitart.cat<\/title>\n<meta name=\"robots\" content=\"index, follow, max-snippet:-1, max-image-preview:large, max-video-preview:-1\" \/>\n<link rel=\"canonical\" href=\"https:\/\/www.civitart.cat\/exposicions\/cdan\/\" \/>\n<meta property=\"og:locale\" content=\"es_ES\" \/>\n<meta property=\"og:type\" content=\"article\" \/>\n<meta property=\"og:title\" content=\"CDAN - civitart.cat\" \/>\n<meta property=\"og:description\" content=\"[vc_row][vc_column][vc_column_text] REPRESENTACIONES DE LA TRAGEDIA Y LA BANALIDAD CONTEMPOR\u00c1NEAS [\/vc_column_text][\/vc_column][\/vc_row][vc_row][vc_column width=\u00bb1\/2&#8243;][rdy_button text=\u00bbLee el texto de Eva Almunia (PDF)\u00bb align=\u00bbleft\u00bb margin_top=\u00bb0&#8243; margin_bottom=\u00bb0&#8243; background=\u00bb#000000&#8243; background_hover=\u00bb#fbc817&#8243; text_color_hover=\u00bb#000000&#8243; border_radius=\u00bb0&#8243; link=\u00bburl:https%3A%2F%2Fwww.civitart.cat%2Fwp-content%2Fuploads%2F2021%2F01%2FTextos_Eva-Almunia.pdf||target:%20_blank|\u00bb][rdy_button text=\u00bbLee el texto de [&hellip;]\" \/>\n<meta property=\"og:url\" content=\"https:\/\/www.civitart.cat\/exposicions\/cdan\/\" \/>\n<meta property=\"og:site_name\" content=\"civitart.cat\" \/>\n<meta property=\"article:modified_time\" content=\"2021-01-11T12:01:35+00:00\" \/>\n<meta name=\"twitter:card\" content=\"summary_large_image\" \/>\n<meta name=\"twitter:label1\" content=\"Tiempo de lectura\">\n\t<meta name=\"twitter:data1\" content=\"11 minutos\">\n<script type=\"application\/ld+json\" class=\"yoast-schema-graph\">{\"@context\":\"https:\/\/schema.org\",\"@graph\":[{\"@type\":\"Organization\",\"@id\":\"https:\/\/www.civitart.cat\/#organization\",\"name\":\"CivitArt\",\"url\":\"https:\/\/www.civitart.cat\/\",\"sameAs\":[],\"logo\":{\"@type\":\"ImageObject\",\"@id\":\"https:\/\/www.civitart.cat\/#logo\",\"inLanguage\":\"es\",\"url\":\"https:\/\/www.civitart.cat\/wp-content\/uploads\/2019\/09\/civit.png\",\"width\":512,\"height\":512,\"caption\":\"CivitArt\"},\"image\":{\"@id\":\"https:\/\/www.civitart.cat\/#logo\"}},{\"@type\":\"WebSite\",\"@id\":\"https:\/\/www.civitart.cat\/#website\",\"url\":\"https:\/\/www.civitart.cat\/\",\"name\":\"civitart.cat\",\"description\":\"Col\\u00b7lecci\\u00f3 Civit Art Contemporani\",\"publisher\":{\"@id\":\"https:\/\/www.civitart.cat\/#organization\"},\"potentialAction\":[{\"@type\":\"SearchAction\",\"target\":\"https:\/\/www.civitart.cat\/?s={search_term_string}\",\"query-input\":\"required name=search_term_string\"}],\"inLanguage\":\"es\"},{\"@type\":\"WebPage\",\"@id\":\"https:\/\/www.civitart.cat\/exposicions\/cdan\/#webpage\",\"url\":\"https:\/\/www.civitart.cat\/exposicions\/cdan\/\",\"name\":\"CDAN - civitart.cat\",\"isPartOf\":{\"@id\":\"https:\/\/www.civitart.cat\/#website\"},\"datePublished\":\"2021-01-11T10:52:18+00:00\",\"dateModified\":\"2021-01-11T12:01:35+00:00\",\"inLanguage\":\"es\",\"potentialAction\":[{\"@type\":\"ReadAction\",\"target\":[\"https:\/\/www.civitart.cat\/exposicions\/cdan\/\"]}]}]}<\/script>\n<!-- \/ Yoast SEO plugin. -->","_links":{"self":[{"href":"https:\/\/www.civitart.cat\/es\/wp-json\/wp\/v2\/pages\/11743"}],"collection":[{"href":"https:\/\/www.civitart.cat\/es\/wp-json\/wp\/v2\/pages"}],"about":[{"href":"https:\/\/www.civitart.cat\/es\/wp-json\/wp\/v2\/types\/page"}],"author":[{"embeddable":true,"href":"https:\/\/www.civitart.cat\/es\/wp-json\/wp\/v2\/users\/1"}],"replies":[{"embeddable":true,"href":"https:\/\/www.civitart.cat\/es\/wp-json\/wp\/v2\/comments?post=11743"}],"version-history":[{"count":6,"href":"https:\/\/www.civitart.cat\/es\/wp-json\/wp\/v2\/pages\/11743\/revisions"}],"predecessor-version":[{"id":11822,"href":"https:\/\/www.civitart.cat\/es\/wp-json\/wp\/v2\/pages\/11743\/revisions\/11822"}],"up":[{"embeddable":true,"href":"https:\/\/www.civitart.cat\/es\/wp-json\/wp\/v2\/pages\/10396"}],"wp:attachment":[{"href":"https:\/\/www.civitart.cat\/es\/wp-json\/wp\/v2\/media?parent=11743"}],"curies":[{"name":"wp","href":"https:\/\/api.w.org\/{rel}","templated":true}]}}