{"id":11815,"date":"2021-01-11T11:55:06","date_gmt":"2021-01-11T11:55:06","guid":{"rendered":"https:\/\/www.civitart.cat\/?page_id=11815"},"modified":"2021-01-11T11:59:32","modified_gmt":"2021-01-11T11:59:32","slug":"cdan-3","status":"publish","type":"page","link":"https:\/\/www.civitart.cat\/es\/exposiciones\/cdan-2\/","title":{"rendered":"CDAN"},"content":{"rendered":"<p>[vc_row][vc_column][vc_column_text]<\/p>\n<h3>REPRESENTACIONES DE LA TRAGEDIA Y LA BANALIDAD CONTEMPOR\u00c1NEAS<\/h3>\n<p>[\/vc_column_text][\/vc_column][\/vc_row][vc_row][vc_column width=\u00bb1\/2&#8243;][rdy_button text=\u00bbLee el texto de Eva Almunia (PDF)\u00bb align=\u00bbleft\u00bb margin_top=\u00bb0&#8243; margin_bottom=\u00bb0&#8243; background=\u00bb#000000&#8243; background_hover=\u00bb#fbc817&#8243; text_color_hover=\u00bb#000000&#8243; border_radius=\u00bb0&#8243; link=\u00bburl:https%3A%2F%2Fwww.civitart.cat%2Fwp-content%2Fuploads%2F2021%2F01%2FTextos_Eva-Almunia.pdf||target:%20_blank|\u00bb][rdy_button text=\u00bbLee el texto de Menene Gras (PDF)\u00bb align=\u00bbleft\u00bb margin_top=\u00bb0&#8243; margin_bottom=\u00bb0&#8243; background=\u00bb#000000&#8243; background_hover=\u00bb#fbc817&#8243; text_color_hover=\u00bb#000000&#8243; border_radius=\u00bb0&#8243; link=\u00bburl:https%3A%2F%2Fwww.civitart.cat%2Fwp-content%2Fuploads%2F2019%2F09%2FTextos_Menene-Gras.pdf||target:%20_blank|\u00bb][rdy_button text=\u00bbLee el texto de Anna Maria Guasch (PDF)\u00bb align=\u00bbleft\u00bb margin_top=\u00bb0&#8243; margin_bottom=\u00bb0&#8243; background=\u00bb#000000&#8243; background_hover=\u00bb#fbc817&#8243; text_color_hover=\u00bb#000000&#8243; border_radius=\u00bb0&#8243; link=\u00bburl:https%3A%2F%2Fwww.civitart.cat%2Fwp-content%2Fuploads%2F2019%2F09%2FTextos_Anna-Maria-Guasch.pdf||target:%20_blank|\u00bb][rdy_button text=\u00bbVer m\u00e1s obras\u00bb align=\u00bbleft\u00bb margin_top=\u00bb0&#8243; margin_bottom=\u00bb0&#8243; background=\u00bb#000000&#8243; background_hover=\u00bb#fbc817&#8243; text_color_hover=\u00bb#000000&#8243; border_radius=\u00bb0&#8243; link=\u00bburl:https%3A%2F%2Fwww.civitart.cat%2Fes%2Fexposiciones%2Fcdan%2F|title:CDAN||\u00bb][\/vc_column][vc_column width=\u00bb1\/4&#8243;][\/vc_column][vc_column width=\u00bb1\/4&#8243;][\/vc_column][\/vc_row][vc_row][vc_column width=\u00bb1\/2&#8243;][vc_single_image image=\u00bb11775&#8243; description_text=\u00bbWALTER MARTIN Y PALOMA MU\u00d1OZ. TRAVELER. 2002&#8243;][\/vc_column][vc_column width=\u00bb1\/2&#8243;][vc_single_image image=\u00bb11776&#8243; description_text=\u00bbCHEMA MADOZ. BIBLIOTECA.\u00bb][\/vc_column][\/vc_row][vc_row][vc_column width=\u00bb1\/2&#8243;][vc_single_image image=\u00bb11777&#8243; description_text=\u00bbCHEMA MADOZ. S. T. 1995&#8243;][\/vc_column][vc_column width=\u00bb1\/2&#8243;][vc_single_image image=\u00bb11778&#8243; description_text=\u00bbJOS\u00c9 PEDRO CROFT. SIN T\u00cdTULO. 1993&#8243;][\/vc_column][\/vc_row][vc_row][vc_column width=\u00bb1\/2&#8243;][vc_single_image image=\u00bb11779&#8243; description_text=\u00bbDOM\u00c8NEC. UN LLOC. 2000&#8243;][\/vc_column][vc_column width=\u00bb1\/2&#8243;][vc_single_image image=\u00bb11780&#8243; description_text=\u00bbJORGE GALINDO. EL CUELLO DE LA BOTELLA. 1996&#8243;][\/vc_column][\/vc_row][vc_row][vc_column width=\u00bb1\/2&#8243;][vc_single_image image=\u00bb11781&#8243; description_text=\u00bbSANTI MOIX. TOKIO. 1987&#8243;][\/vc_column][vc_column width=\u00bb1\/2&#8243;][vc_single_image image=\u00bb11782&#8243; description_text=\u00bbVICTOR MIRA. 3 P\u00c1JAROS. 1984&#8243;][\/vc_column][\/vc_row][vc_row][vc_column width=\u00bb1\/2&#8243;][vc_single_image image=\u00bb11783&#8243; description_text=\u00bbFERR\u00c1N GARC\u00cdA SEVILLA. LETRA. 1991&#8243;][\/vc_column][vc_column width=\u00bb1\/2&#8243;][vc_single_image image=\u00bb11784&#8243; description_text=\u00bbJOAQUIM CHANCHO. PAPEL 09-10. 2001&#8243;][\/vc_column][\/vc_row][vc_row][vc_column width=\u00bb1\/2&#8243;][vc_single_image image=\u00bb11785&#8243; description_text=\u00bbROBERT LLIM\u00d3S. PROJECTE PER UN MONUMENT\u00bb][\/vc_column][vc_column width=\u00bb1\/2&#8243;][vc_single_image image=\u00bb11786&#8243; description_text=\u00bbFRANZ WEST. POUF. 2003&#8243;][\/vc_column][\/vc_row][vc_row][vc_column width=\u00bb1\/2&#8243;][vc_single_image image=\u00bb11787&#8243; description_text=\u00bbJOS\u00c9 ANTONIO HERN\u00c1NDEZ-D\u00cdEZ. SIN T\u00cdTULO. 1999&#8243;][\/vc_column][vc_column width=\u00bb1\/2&#8243;][vc_single_image image=\u00bb11788&#8243; description_text=\u00bbST\u00c9PHANE COUTURIER. GRAND PALAIS.\u00bb][\/vc_column][\/vc_row][vc_row][vc_column width=\u00bb1\/2&#8243;][vc_single_image image=\u00bb11789&#8243; description_text=\u00bbCANDIDA H\u00d6FER. FESTSPIELHAUS RECKLINGHAUSEN V. 1997&#8243;][\/vc_column][vc_column width=\u00bb1\/2&#8243;][vc_single_image image=\u00bb11790&#8243; description_text=\u00bbCANDIDA H\u00d6FER. MUS\u00c9E DU LOUVRE. PARIS XV. 2005&#8243;][\/vc_column][\/vc_row][vc_row][vc_column width=\u00bb1\/2&#8243;][vc_single_image image=\u00bb11791&#8243; description_text=\u00bbCONSTANTINO CIERVO. EMPHASE. 1999&#8243;][\/vc_column][vc_column width=\u00bb1\/2&#8243;][vc_single_image image=\u00bb11792&#8243; description_text=\u00bbHANNAH COLLINS. COCINA LA LABORAL. GIJ\u00d3N. 2006&#8243;][\/vc_column][\/vc_row][vc_row][vc_column width=\u00bb1\/2&#8243;][vc_single_image image=\u00bb11793&#8243; description_text=\u00bbENRIQUE MARTY. LOCA. 2005&#8243;][\/vc_column][vc_column width=\u00bb1\/2&#8243;][vc_single_image image=\u00bb11794&#8243; description_text=\u00bbJOANA VASCONCELOS. TOP MODEL. 2005&#8243;][\/vc_column][\/vc_row][vc_row][vc_column width=\u00bb1\/2&#8243;][vc_single_image image=\u00bb11795&#8243; description_text=\u00bbSYLVIE FLEURY. SIN T\u00cdTULO\u00bb][\/vc_column][vc_column width=\u00bb1\/2&#8243;][vc_single_image image=\u00bb11796&#8243; description_text=\u00bbRUUD VAN EMPEL. STUDY FOR 4 WOMEN NR. 1. 2001&#8243;][\/vc_column][\/vc_row][vc_row][vc_column width=\u00bb1\/2&#8243;][vc_single_image image=\u00bb11797&#8243; description_text=\u00bbJEAN-BAPTISTE HUYNH. NU XX. 2005&#8243;][\/vc_column][vc_column width=\u00bb1\/2&#8243;][vc_single_image image=\u00bb11798&#8243; description_text=\u00bbNOH SANG KYOON. FOR THE WORSHIPERS (LIGHT BLUE). 2001&#8243;][\/vc_column][\/vc_row][vc_row][vc_column width=\u00bb1\/2&#8243;][vc_single_image image=\u00bb11799&#8243; description_text=\u00bbLLU\u00cdS HORTAL\u00c1. NORTH FACE OF AIG\u00dcILLE DU TRIOLET. 2002&#8243;][\/vc_column][vc_column width=\u00bb1\/2&#8243;][vc_single_image image=\u00bb11800&#8243; description_text=\u00bbALBERT R\u00c0FOLS CASAMADA. AIRE DE MAR. 1992&#8243;][\/vc_column][\/vc_row][vc_row][vc_column width=\u00bb1\/2&#8243;][vc_single_image image=\u00bb11801&#8243; description_text=\u00bbGARY STEPHAN. SIN T\u00cdTULO. 1987&#8243;][\/vc_column][vc_column width=\u00bb1\/2&#8243;][vc_single_image image=\u00bb11802&#8243; description_text=\u00bbMAR\u00cdA BLEDA &amp; JOS\u00c9 MAR\u00cdA ROSA. CAMPOS DE F\u00daTBOL 1\/15. 1994&#8243;][\/vc_column][\/vc_row][vc_row][vc_column width=\u00bb1\/2&#8243;][vc_single_image image=\u00bb11803&#8243; description_text=\u00bbMAR\u00cdA BLEDA &amp; JOS\u00c9 MAR\u00cdA ROSA. CAMPOS DE F\u00daTBOL 1\/15. 1993&#8243;][\/vc_column][vc_column width=\u00bb1\/2&#8243;][vc_single_image image=\u00bb11804&#8243; description_text=\u00bbMIREYA MAS\u00d3. SIN T\u00cdTULO. 2001&#8243;][\/vc_column][\/vc_row][vc_row][vc_column width=\u00bb1\/2&#8243;][vc_single_image image=\u00bb11805&#8243; description_text=\u00bbJAN KOSTER. KAMPERVEEN. 1995&#8243;][\/vc_column][vc_column width=\u00bb1\/2&#8243;][vc_single_image image=\u00bb11806&#8243; description_text=\u00bbJORDI COLOMER. MEL Y CEL II. 1990&#8243;][\/vc_column][\/vc_row][vc_row][vc_column width=\u00bb1\/2&#8243;][vc_single_image image=\u00bb11807&#8243; description_text=\u00bbRAY SMITH. MODEL. 1998&#8243;][\/vc_column][vc_column width=\u00bb1\/2&#8243;][vc_single_image image=\u00bb11808&#8243; description_text=\u00bbMASSIMO VITALI. RICCIONE BLACK BIKINI. 1997&#8243;][\/vc_column][\/vc_row][vc_row][vc_column width=\u00bb1\/2&#8243;][vc_single_image image=\u00bb11809&#8243; description_text=\u00bbC\u00c9LESTE BOURSIER-MOUGENOT. SIN T\u00cdTULO. 1999&#8243;][\/vc_column][vc_column width=\u00bb1\/2&#8243;][\/vc_column][\/vc_row][vc_row][vc_column width=\u00bb1\/2&#8243;][rdy_button text=\u00bbLee el texto de Eva Almunia (PDF)\u00bb align=\u00bbleft\u00bb margin_top=\u00bb0&#8243; margin_bottom=\u00bb0&#8243; background=\u00bb#000000&#8243; background_hover=\u00bb#fbc817&#8243; text_color_hover=\u00bb#000000&#8243; border_radius=\u00bb0&#8243; link=\u00bburl:https%3A%2F%2Fwww.civitart.cat%2Fwp-content%2Fuploads%2F2021%2F01%2FTextos_Eva-Almunia.pdf||target:%20_blank|\u00bb][rdy_button text=\u00bbLee el texto de Menene Gras (PDF)\u00bb align=\u00bbleft\u00bb margin_top=\u00bb0&#8243; margin_bottom=\u00bb0&#8243; background=\u00bb#000000&#8243; background_hover=\u00bb#fbc817&#8243; text_color_hover=\u00bb#000000&#8243; border_radius=\u00bb0&#8243; link=\u00bburl:https%3A%2F%2Fwww.civitart.cat%2Fwp-content%2Fuploads%2F2019%2F09%2FTextos_Menene-Gras.pdf||target:%20_blank|\u00bb][rdy_button text=\u00bbLee el texto de Anna Maria Guasch (PDF)\u00bb align=\u00bbleft\u00bb margin_top=\u00bb0&#8243; margin_bottom=\u00bb0&#8243; background=\u00bb#000000&#8243; background_hover=\u00bb#fbc817&#8243; text_color_hover=\u00bb#000000&#8243; border_radius=\u00bb0&#8243; link=\u00bburl:https%3A%2F%2Fwww.civitart.cat%2Fwp-content%2Fuploads%2F2019%2F09%2FTextos_Anna-Maria-Guasch.pdf||target:%20_blank|\u00bb][rdy_button text=\u00bbVer m\u00e1s obras\u00bb align=\u00bbleft\u00bb margin_top=\u00bb0&#8243; margin_bottom=\u00bb0&#8243; background=\u00bb#000000&#8243; background_hover=\u00bb#fbc817&#8243; text_color_hover=\u00bb#000000&#8243; border_radius=\u00bb0&#8243; link=\u00bburl:https%3A%2F%2Fwww.civitart.cat%2Fes%2Fexposiciones%2Fcdan%2F|title:CDAN||\u00bb][\/vc_column][vc_column width=\u00bb1\/4&#8243;][\/vc_column][vc_column width=\u00bb1\/4&#8243;][\/vc_column][\/vc_row]<\/p>","protected":false},"excerpt":{"rendered":"<p>[vc_row][vc_column][vc_column_text] REPRESENTACIONES DE LA TRAGEDIA Y LA BANALIDAD CONTEMPOR\u00c1NEAS [\/vc_column_text][\/vc_column][\/vc_row][vc_row][vc_column width=\u00bb1\/2&#8243;][rdy_button text=\u00bbLee el texto de Eva Almunia (PDF)\u00bb align=\u00bbleft\u00bb margin_top=\u00bb0&#8243; margin_bottom=\u00bb0&#8243; background=\u00bb#000000&#8243; background_hover=\u00bb#fbc817&#8243; text_color_hover=\u00bb#000000&#8243; border_radius=\u00bb0&#8243; link=\u00bburl:https%3A%2F%2Fwww.civitart.cat%2Fwp-content%2Fuploads%2F2021%2F01%2FTextos_Eva-Almunia.pdf||target:%20_blank|\u00bb][rdy_button text=\u00bbLee el texto de [&hellip;]<\/p>\n","protected":false},"author":1,"featured_media":0,"parent":10396,"menu_order":0,"comment_status":"closed","ping_status":"closed","template":"","meta":[],"yoast_head":"<!-- This site is optimized with the Yoast SEO plugin v15.5 - https:\/\/yoast.com\/wordpress\/plugins\/seo\/ -->\n<title>CDAN - civitart.cat<\/title>\n<meta name=\"robots\" content=\"index, follow, max-snippet:-1, max-image-preview:large, max-video-preview:-1\" \/>\n<link rel=\"canonical\" href=\"https:\/\/www.civitart.cat\/exposicions\/cdan-2\/\" \/>\n<meta property=\"og:locale\" content=\"es_ES\" \/>\n<meta property=\"og:type\" content=\"article\" \/>\n<meta property=\"og:title\" content=\"CDAN - civitart.cat\" \/>\n<meta property=\"og:description\" content=\"[vc_row][vc_column][vc_column_text] REPRESENTACIONES DE LA TRAGEDIA Y LA BANALIDAD CONTEMPOR\u00c1NEAS [\/vc_column_text][\/vc_column][\/vc_row][vc_row][vc_column width=\u00bb1\/2&#8243;][rdy_button text=\u00bbLee el texto de Eva Almunia (PDF)\u00bb align=\u00bbleft\u00bb margin_top=\u00bb0&#8243; margin_bottom=\u00bb0&#8243; background=\u00bb#000000&#8243; background_hover=\u00bb#fbc817&#8243; text_color_hover=\u00bb#000000&#8243; border_radius=\u00bb0&#8243; link=\u00bburl:https%3A%2F%2Fwww.civitart.cat%2Fwp-content%2Fuploads%2F2021%2F01%2FTextos_Eva-Almunia.pdf||target:%20_blank|\u00bb][rdy_button text=\u00bbLee el texto de [&hellip;]\" \/>\n<meta property=\"og:url\" content=\"https:\/\/www.civitart.cat\/exposicions\/cdan-2\/\" \/>\n<meta property=\"og:site_name\" content=\"civitart.cat\" \/>\n<meta property=\"article:modified_time\" content=\"2021-01-11T11:59:32+00:00\" \/>\n<meta name=\"twitter:card\" content=\"summary_large_image\" \/>\n<meta name=\"twitter:label1\" content=\"Tiempo de lectura\">\n\t<meta name=\"twitter:data1\" content=\"13 minutos\">\n<script type=\"application\/ld+json\" class=\"yoast-schema-graph\">{\"@context\":\"https:\/\/schema.org\",\"@graph\":[{\"@type\":\"Organization\",\"@id\":\"https:\/\/www.civitart.cat\/#organization\",\"name\":\"CivitArt\",\"url\":\"https:\/\/www.civitart.cat\/\",\"sameAs\":[],\"logo\":{\"@type\":\"ImageObject\",\"@id\":\"https:\/\/www.civitart.cat\/#logo\",\"inLanguage\":\"es\",\"url\":\"https:\/\/www.civitart.cat\/wp-content\/uploads\/2019\/09\/civit.png\",\"width\":512,\"height\":512,\"caption\":\"CivitArt\"},\"image\":{\"@id\":\"https:\/\/www.civitart.cat\/#logo\"}},{\"@type\":\"WebSite\",\"@id\":\"https:\/\/www.civitart.cat\/#website\",\"url\":\"https:\/\/www.civitart.cat\/\",\"name\":\"civitart.cat\",\"description\":\"Col\\u00b7lecci\\u00f3 Civit Art Contemporani\",\"publisher\":{\"@id\":\"https:\/\/www.civitart.cat\/#organization\"},\"potentialAction\":[{\"@type\":\"SearchAction\",\"target\":\"https:\/\/www.civitart.cat\/?s={search_term_string}\",\"query-input\":\"required name=search_term_string\"}],\"inLanguage\":\"es\"},{\"@type\":\"WebPage\",\"@id\":\"https:\/\/www.civitart.cat\/exposicions\/cdan-2\/#webpage\",\"url\":\"https:\/\/www.civitart.cat\/exposicions\/cdan-2\/\",\"name\":\"CDAN - civitart.cat\",\"isPartOf\":{\"@id\":\"https:\/\/www.civitart.cat\/#website\"},\"datePublished\":\"2021-01-11T11:55:06+00:00\",\"dateModified\":\"2021-01-11T11:59:32+00:00\",\"inLanguage\":\"es\",\"potentialAction\":[{\"@type\":\"ReadAction\",\"target\":[\"https:\/\/www.civitart.cat\/exposicions\/cdan-2\/\"]}]}]}<\/script>\n<!-- \/ Yoast SEO plugin. -->","_links":{"self":[{"href":"https:\/\/www.civitart.cat\/es\/wp-json\/wp\/v2\/pages\/11815"}],"collection":[{"href":"https:\/\/www.civitart.cat\/es\/wp-json\/wp\/v2\/pages"}],"about":[{"href":"https:\/\/www.civitart.cat\/es\/wp-json\/wp\/v2\/types\/page"}],"author":[{"embeddable":true,"href":"https:\/\/www.civitart.cat\/es\/wp-json\/wp\/v2\/users\/1"}],"replies":[{"embeddable":true,"href":"https:\/\/www.civitart.cat\/es\/wp-json\/wp\/v2\/comments?post=11815"}],"version-history":[{"count":3,"href":"https:\/\/www.civitart.cat\/es\/wp-json\/wp\/v2\/pages\/11815\/revisions"}],"predecessor-version":[{"id":11818,"href":"https:\/\/www.civitart.cat\/es\/wp-json\/wp\/v2\/pages\/11815\/revisions\/11818"}],"up":[{"embeddable":true,"href":"https:\/\/www.civitart.cat\/es\/wp-json\/wp\/v2\/pages\/10396"}],"wp:attachment":[{"href":"https:\/\/www.civitart.cat\/es\/wp-json\/wp\/v2\/media?parent=11815"}],"curies":[{"name":"wp","href":"https:\/\/api.w.org\/{rel}","templated":true}]}}